{"id":3110,"date":"2020-08-24T15:51:08","date_gmt":"2020-08-24T13:51:08","guid":{"rendered":"https:\/\/meylanfreres.ch\/?page_id=3110"},"modified":"2020-08-24T16:48:25","modified_gmt":"2020-08-24T14:48:25","slug":"kontakt","status":"publish","type":"page","link":"https:\/\/meylanfreres.ch\/de\/kontakt\/","title":{"rendered":"Kontakt"},"content":{"rendered":"<div class=\"wpb-content-wrapper\"><p>[vc_row][vc_column width=&#8221;2\/3&#8243;]<div id=\"ultimate-heading-828569f4b2ffbceaf\" class=\"uvc-heading ult-adjust-bottom-margin ultimate-heading-828569f4b2ffbceaf uvc-9260 \" data-hspacer=\"no_spacer\"  data-halign=\"left\" style=\"text-align:left\"><div class=\"uvc-heading-spacer no_spacer\" style=\"top\"><\/div><div class=\"uvc-main-heading ult-responsive\"  data-ultimate-target='.uvc-heading.ultimate-heading-828569f4b2ffbceaf h2'  data-responsive-json-new='{\"font-size\":\"desktop:26px;\",\"line-height\":\"\"}' ><h2 style=\"font-weight:bold;\">Kontaktieren Sie uns<\/h2><\/div><\/div>[vc_empty_space height=&#8221;20px&#8221;]\r<!-- rt-cf7 -->\r<div class=\"radiant-contact-form rtd283be2a734d04b element-one \"  >\n<div class=\"wpcf7 no-js\" id=\"wpcf7-f3108-o1\" lang=\"fr-FR\" dir=\"ltr\" data-wpcf7-id=\"3108\">\n<div class=\"screen-reader-response\"><p role=\"status\" aria-live=\"polite\" aria-atomic=\"true\"><\/p> <ul><\/ul><\/div>\n<form action=\"\/de\/wp-json\/wp\/v2\/pages\/3110#wpcf7-f3108-o1\" method=\"post\" class=\"wpcf7-form init\" aria-label=\"Formulaire de contact\" novalidate=\"novalidate\" data-status=\"init\">\n<fieldset class=\"hidden-fields-container\"><input type=\"hidden\" name=\"_wpcf7\" value=\"3108\" \/><input type=\"hidden\" name=\"_wpcf7_version\" value=\"6.1.5\" \/><input type=\"hidden\" name=\"_wpcf7_locale\" value=\"fr_FR\" \/><input type=\"hidden\" name=\"_wpcf7_unit_tag\" value=\"wpcf7-f3108-o1\" \/><input type=\"hidden\" name=\"_wpcf7_container_post\" value=\"0\" \/><input type=\"hidden\" name=\"_wpcf7_posted_data_hash\" value=\"\" \/>\n<\/fieldset>\n<div style=\"display:flex;\">\n\t<div style=\"width:50%;margin-right:4%;\">\n\t\t<p><span class=\"wpcf7-form-control-wrap\" data-name=\"nom\"><input size=\"40\" maxlength=\"400\" class=\"wpcf7-form-control wpcf7-text wpcf7-validates-as-required\" aria-required=\"true\" aria-invalid=\"false\" placeholder=\"Name*\" value=\"\" type=\"text\" name=\"nom\" \/><\/span>\n\t\t<\/p>\n\t<\/div>\n\t<div style=\"width:50%;margin-left:4%;\">\n\t\t<p><span class=\"wpcf7-form-control-wrap\" data-name=\"societe\"><input size=\"40\" maxlength=\"400\" class=\"wpcf7-form-control wpcf7-text\" aria-invalid=\"false\" placeholder=\"Unternehmen\" value=\"\" type=\"text\" name=\"societe\" \/><\/span>\n\t\t<\/p>\n\t<\/div>\n<\/div>\n<div style=\"display:flex;\">\n\t<div style=\"width:50%;margin-right:4%;\">\n\t\t<p><span class=\"wpcf7-form-control-wrap\" data-name=\"telephone\"><input size=\"40\" maxlength=\"400\" class=\"wpcf7-form-control wpcf7-tel wpcf7-text wpcf7-validates-as-tel\" aria-invalid=\"false\" placeholder=\"Telefon\" value=\"\" type=\"tel\" name=\"telephone\" \/><\/span>\n\t\t<\/p>\n\t<\/div>\n\t<div style=\"width:50%;margin-left:4%;\">\n\t\t<p><span class=\"wpcf7-form-control-wrap\" data-name=\"email\"><input size=\"40\" maxlength=\"400\" class=\"wpcf7-form-control wpcf7-email wpcf7-validates-as-required wpcf7-text wpcf7-validates-as-email\" aria-required=\"true\" aria-invalid=\"false\" placeholder=\"Email*\" value=\"\" type=\"email\" name=\"email\" \/><\/span>\n\t\t<\/p>\n\t<\/div>\n<\/div>\n<div>\n\t<p><span class=\"wpcf7-form-control-wrap\" data-name=\"nature-du-contact\"><select class=\"wpcf7-form-control wpcf7-select wpcf7-validates-as-required\" aria-required=\"true\" aria-invalid=\"false\" name=\"nature-du-contact\"><option value=\"Art des Kontakts*\">Art des Kontakts*<\/option><option value=\"Allgemein\">Allgemein<\/option><option value=\"Kommerziell\">Kommerziell<\/option><option value=\"Tech Technisch ique\">Tech Technisch ique<\/option><\/select><\/span>\n\t<\/p>\n<\/div>\n<div>\n\t<p><span class=\"wpcf7-form-control-wrap\" data-name=\"message\"><textarea cols=\"40\" rows=\"10\" maxlength=\"2000\" class=\"wpcf7-form-control wpcf7-textarea wpcf7-validates-as-required\" aria-required=\"true\" aria-invalid=\"false\" placeholder=\"Nachricht*\" name=\"message\"><\/textarea><\/span>\n\t<\/p>\n<\/div>\n<div>\n\t<p><span class=\"wpcf7-form-control-wrap\" data-name=\"optin\"><span class=\"wpcf7-form-control wpcf7-checkbox\"><span class=\"wpcf7-list-item first last\"><label><input type=\"checkbox\" name=\"optin[]\" value=\"Durch Markieren dieses K\u00e4stchens und Dr\u00fccken von &quot;Senden&quot; stimme ich zu, dass die in diesem Formular erfassten Informationen ausschlie\u00dflich im Zusammenhang mit meiner Anfrage und der ethischen und pers\u00f6nlichen Gesch\u00e4ftsbeziehung, die sich daraus ergeben k\u00f6nnte, verwendet werden. Um Ihre Rechte zu erfahren und auszu\u00fcben, insbesondere Ihre Zustimmung zur Verwendung der mit diesem Formular gesammelten Daten zu widerrufen, lesen Sie bitte unsere Datenschutzerkl\u00e4rung.\" \/><span class=\"wpcf7-list-item-label\">Durch Markieren dieses K\u00e4stchens und Dr\u00fccken von &quot;Senden&quot; stimme ich zu, dass die in diesem Formular erfassten Informationen ausschlie\u00dflich im Zusammenhang mit meiner Anfrage und der ethischen und pers\u00f6nlichen Gesch\u00e4ftsbeziehung, die sich daraus ergeben k\u00f6nnte, verwendet werden. Um Ihre Rechte zu erfahren und auszu\u00fcben, insbesondere Ihre Zustimmung zur Verwendung der mit diesem Formular gesammelten Daten zu widerrufen, lesen Sie bitte unsere Datenschutzerkl\u00e4rung.<\/span><\/label><\/span><\/span><\/span>\n\t<\/p>\n<\/div>\n<!--[recaptcha size: normal]-->\n<div class=\"cta\">\n\t<p><input class=\"wpcf7-form-control wpcf7-submit has-spinner\" type=\"submit\" value=\"ABSCHICKEN\" \/>\n\t<\/p>\n<\/div><input type='hidden' class='wpcf7-pum' value='{\"closepopup\":false,\"closedelay\":0,\"openpopup\":false,\"openpopup_id\":0}' \/><div class=\"wpcf7-response-output\" aria-hidden=\"true\"><\/div>\n<\/form>\n<\/div>\n<\/div>\r<!-- rt-cf7 -->\r[\/vc_column][vc_column width=&#8221;1\/3&#8243; el_id=&#8221;details-de-contact&#8221;]<div class=\"ult-spacer spacer-69f4b2ffc04f4\" data-id=\"69f4b2ffc04f4\" data-height=\"0\" data-height-mobile=\"80\" data-height-tab=\"0\" data-height-tab-portrait=\"0\" data-height-mobile-landscape=\"80\" style=\"clear:both;display:block;\"><\/div><div id=\"ultimate-heading-715069f4b2ffc051e\" class=\"uvc-heading ult-adjust-bottom-margin ultimate-heading-715069f4b2ffc051e uvc-7314 \" data-hspacer=\"no_spacer\"  data-halign=\"left\" style=\"text-align:left\"><div class=\"uvc-heading-spacer no_spacer\" style=\"top\"><\/div><div class=\"uvc-main-heading ult-responsive\"  data-ultimate-target='.uvc-heading.ultimate-heading-715069f4b2ffc051e h3'  data-responsive-json-new='{\"font-size\":\"desktop:20px;\",\"line-height\":\"\"}' ><h3 style=\"font-weight:normal;\">Kontaktdetails<\/h3><\/div><\/div>[vc_empty_space height=&#8221;20px&#8221;]<div class=\"smile_icon_list_wrap ult_info_list_container ult-adjust-bottom-margin  \"><ul class=\"smile_icon_list left square with_bg\"><li class=\"icon_list_item\" style=\" font-size:72px;\"><div class=\"icon_list_icon\" data-animation=\"\" data-animation-delay=\"03\" style=\"font-size:24px;border-width:1px;border-style:none;background:#ffffff;color:#27578D;border-color:#333333;\"><i class=\"Defaults-envelope-o\" ><\/i><\/div><div class=\"icon_description\" id=\"Info-list-wrap-7962\" style=\"font-size:24px;\"><div class=\"icon_description_text ult-responsive\"  data-ultimate-target='#Info-list-wrap-7962 .icon_description_text'  data-responsive-json-new='{\"font-size\":\"desktop:13px;\",\"line-height\":\"desktop:18px;\"}'  style=\"\"><p><a href=\"mailto:info@meylanfreres.ch\" target=\"_blank\" rel=\"noopener noreferrer\">info@meylanfreres.ch<\/a><\/p>\n<\/div><\/div><div class=\"icon_list_connector\"  style=\"border: none !important;\"><\/div><a class=\"ulimate-info-list-link\" href=\"https:\/\/goo.gl\/maps\/YPUsBArGL8PDdvoi8\" target=\"_blank\" rel=\"noopener\" ><\/a><\/li><li class=\"icon_list_item\" style=\" font-size:72px;\"><div class=\"icon_list_icon\" data-animation=\"\" data-animation-delay=\"03\" style=\"font-size:24px;border-width:1px;border-style:none;background:#ffffff;color:#27578D;border-color:#333333;\"><i class=\"Defaults-map-marker\" ><\/i><\/div><div class=\"icon_description\" id=\"Info-list-wrap-5084\" style=\"font-size:24px;\"><div class=\"icon_description_text ult-responsive\"  data-ultimate-target='#Info-list-wrap-5084 .icon_description_text'  data-responsive-json-new='{\"font-size\":\"desktop:13px;\",\"line-height\":\"desktop:18px;\"}'  style=\"\"><p><a title=\"Venez nous retrouver dans nos locaux, Route du Planoz 31, CH-1348 Le Brassus\" href=\"https:\/\/goo.gl\/maps\/YPUsBArGL8PDdvoi8\" target=\"_blank\" rel=\"noopener noreferrer\">Rte du Planoz 31<br \/>\nCH-1348 Le Brassus<\/a><\/p>\n<\/div><\/div><div class=\"icon_list_connector\"  style=\"border: none !important;\"><\/div><a class=\"ulimate-info-list-link\" href=\"https:\/\/goo.gl\/maps\/YPUsBArGL8PDdvoi8\" target=\"_blank\" rel=\"noopener\" ><\/a><\/li><li class=\"icon_list_item\" style=\" font-size:72px;\"><div class=\"icon_list_icon\" data-animation=\"\" data-animation-delay=\"03\" style=\"font-size:24px;border-width:1px;border-style:none;background:#ffffff;color:#27578D;border-color:#333333;\"><i class=\"Defaults-phone\" ><\/i><\/div><div class=\"icon_description\" id=\"Info-list-wrap-8736\" style=\"font-size:24px;\"><div class=\"icon_description_text ult-responsive\"  data-ultimate-target='#Info-list-wrap-8736 .icon_description_text'  data-responsive-json-new='{\"font-size\":\"desktop:13px;\",\"line-height\":\"desktop:18px;\"}'  style=\"\"><p><a title=\"Contactez-nous par t\u00e9l\u00e9phone au +41 (0)21 845 25 00\" href=\"tel:+41218452500\">+41 (0)21 845 25 00<\/a><\/p>\n<\/div><\/div><div class=\"icon_list_connector\"  style=\"border: none !important;\"><\/div><a class=\"ulimate-info-list-link\" href=\"tel:0041218452500\" ><\/a><\/li><li class=\"icon_list_item\" style=\" font-size:72px;\"><div class=\"icon_list_icon\" data-animation=\"\" data-animation-delay=\"03\" style=\"font-size:24px;border-width:1px;border-style:none;background:#ffffff;color:#27578D;border-color:#333333;\"><i class=\"Defaults-print\" ><\/i><\/div><div class=\"icon_description\" id=\"Info-list-wrap-8909\" style=\"font-size:24px;\"><div class=\"icon_description_text ult-responsive\"  data-ultimate-target='#Info-list-wrap-8909 .icon_description_text'  data-responsive-json-new='{\"font-size\":\"desktop:13px;\",\"line-height\":\"desktop:18px;\"}'  style=\"\"><p><a title=\"Contactez-nous par fax au +41 (0)21 845 25 01\" href=\"tel:+41218452501\">+41 (0)21 845 25 01<\/a><\/p>\n<\/div><\/div><div class=\"icon_list_connector\"  style=\"border: none !important;\"><\/div><a class=\"ulimate-info-list-link\" href=\"tel:0041218452501\" ><\/a><\/li><\/ul><\/div>[\/vc_column][\/vc_row][vc_row][vc_column][vc_empty_space height=&#8221;50px&#8221;][\/vc_column][\/vc_row][vc_row full_width=&#8221;stretch_row&#8221; disable_element=&#8221;yes&#8221; css=&#8221;.vc_custom_1588752257595{background-color: #f9f9f9 !important;}&#8221; el_id=&#8221;personnes-de-contact&#8221;][vc_column]<div id=\"ultimate-heading-462469f4b2ffc073d\" class=\"uvc-heading ult-adjust-bottom-margin ultimate-heading-462469f4b2ffc073d uvc-8259 \" data-hspacer=\"no_spacer\"  data-halign=\"left\" style=\"text-align:left\"><div class=\"uvc-heading-spacer no_spacer\" style=\"top\"><\/div><div class=\"uvc-main-heading ult-responsive\"  data-ultimate-target='.uvc-heading.ultimate-heading-462469f4b2ffc073d h2'  data-responsive-json-new='{\"font-size\":\"desktop:26px;\",\"line-height\":\"\"}' ><h2 style=\"font-weight:bold;\">Personnes de contact<\/h2><\/div><\/div>[vc_empty_space height=&#8221;20px&#8221;][vc_row_inner el_class=&#8221;contact-columns-row&#8221;][vc_column_inner width=&#8221;1\/2&#8243; offset=&#8221;vc_col-md-3&#8243;]<div id=\"ultimate-heading-659269f4b2ffc075c\" class=\"uvc-heading ult-adjust-bottom-margin ultimate-heading-659269f4b2ffc075c uvc-1942 \" data-hspacer=\"no_spacer\"  data-halign=\"center\" style=\"text-align:center\"><div class=\"uvc-heading-spacer no_spacer\" style=\"top\"><\/div><div class=\"uvc-main-heading ult-responsive\"  data-ultimate-target='.uvc-heading.ultimate-heading-659269f4b2ffc075c h3'  data-responsive-json-new='{\"font-size\":\"\",\"line-height\":\"\"}' ><h3 style=\"font-weight:normal;\">Direction g\u00e9n\u00e9rale<\/h3><\/div><\/div>[vc_column_text]<\/p>\n<p style=\"text-align: center;\"><strong>Christian Meylan<\/strong><br \/>\n<a href=\"mailto:c.meylan@meylanfreres.ch\">c.meylan@meylanfreres.ch<\/a><br \/>\n<a href=\"tel:0041218452500\">+41 (0)21 845.25.00<\/a><\/p>\n<p>[\/vc_column_text][\/vc_column_inner][vc_column_inner width=&#8221;1\/2&#8243; offset=&#8221;vc_col-md-3&#8243;]<div id=\"ultimate-heading-983369f4b2ffc0774\" class=\"uvc-heading ult-adjust-bottom-margin ultimate-heading-983369f4b2ffc0774 uvc-3014 \" data-hspacer=\"no_spacer\"  data-halign=\"center\" style=\"text-align:center\"><div class=\"uvc-heading-spacer no_spacer\" style=\"top\"><\/div><div class=\"uvc-main-heading ult-responsive\"  data-ultimate-target='.uvc-heading.ultimate-heading-983369f4b2ffc0774 h3'  data-responsive-json-new='{\"font-size\":\"\",\"line-height\":\"\"}' ><h3 style=\"font-weight:normal;\">Vente &amp; Marketing<\/h3><\/div><\/div>[vc_column_text]<\/p>\n<p style=\"text-align: center;\"><strong>Jean-Fran\u00e7ois Mottaz<\/strong><br \/>\n<a href=\"mailto:jf.mottaz@meylanfreres.ch\">jf.mottaz@meylanfreres.ch<\/a><br \/>\n<a href=\"tel:0041\">+41 (0)79 845.25.33<\/a><\/p>\n<p>[\/vc_column_text][\/vc_column_inner][vc_column_inner width=&#8221;1\/2&#8243; offset=&#8221;vc_col-md-3&#8243;]<div id=\"ultimate-heading-598269f4b2ffc078a\" class=\"uvc-heading ult-adjust-bottom-margin ultimate-heading-598269f4b2ffc078a uvc-9640 \" data-hspacer=\"no_spacer\"  data-halign=\"center\" style=\"text-align:center\"><div class=\"uvc-heading-spacer no_spacer\" style=\"top\"><\/div><div class=\"uvc-main-heading ult-responsive\"  data-ultimate-target='.uvc-heading.ultimate-heading-598269f4b2ffc078a h3'  data-responsive-json-new='{\"font-size\":\"\",\"line-height\":\"\"}' ><h3 style=\"font-weight:normal;\">Planning &amp; m\u00e9thodes<\/h3><\/div><\/div>[vc_column_text]<\/p>\n<p style=\"text-align: center;\"><strong>David Brocard<\/strong><br \/>\n<a href=\"mailto:d.brocard@meylanfreres.ch\">d.brocard@meylanfreres.ch<\/a><br \/>\n<a href=\"tel:0041218452515\">+41 (0)21 845.25.15<\/a><\/p>\n<p>[\/vc_column_text][\/vc_column_inner][vc_column_inner width=&#8221;1\/2&#8243; offset=&#8221;vc_col-md-3&#8243;]<div id=\"ultimate-heading-948269f4b2ffc07a0\" class=\"uvc-heading ult-adjust-bottom-margin ultimate-heading-948269f4b2ffc07a0 uvc-8079 \" data-hspacer=\"no_spacer\"  data-halign=\"center\" style=\"text-align:center\"><div class=\"uvc-heading-spacer no_spacer\" style=\"top\"><\/div><div class=\"uvc-main-heading ult-responsive\"  data-ultimate-target='.uvc-heading.ultimate-heading-948269f4b2ffc07a0 h3'  data-responsive-json-new='{\"font-size\":\"\",\"line-height\":\"\"}' ><h3 style=\"font-weight:normal;\">D\u00e9veloppement &amp; projets<\/h3><\/div><\/div>[vc_column_text]<\/p>\n<p style=\"text-align: center;\"><strong>Fabrice Guex<\/strong><br \/>\n<a href=\"mailto:f.guex@meylanfreres.ch\">f.guex@meylanfreres.ch<\/a><br \/>\n<a href=\"tel:0041218452505\">+41 (0)21 845.25.05<\/a><\/p>\n<p>[\/vc_column_text][\/vc_column_inner][\/vc_row_inner][vc_empty_space height=&#8221;20px&#8221;][vc_row_inner el_class=&#8221;contact-columns-row&#8221;][vc_column_inner width=&#8221;1\/2&#8243; offset=&#8221;vc_col-md-3&#8243;]<div id=\"ultimate-heading-937269f4b2ffc07c4\" class=\"uvc-heading ult-adjust-bottom-margin ultimate-heading-937269f4b2ffc07c4 uvc-4357 \" data-hspacer=\"no_spacer\"  data-halign=\"center\" style=\"text-align:center\"><div class=\"uvc-heading-spacer no_spacer\" style=\"top\"><\/div><div class=\"uvc-main-heading ult-responsive\"  data-ultimate-target='.uvc-heading.ultimate-heading-937269f4b2ffc07c4 h3'  data-responsive-json-new='{\"font-size\":\"\",\"line-height\":\"\"}' ><h3 style=\"font-weight:normal;\">Fabrication<br \/>\n\u00c9tampe &amp; Usinage<\/h3><\/div><\/div>[vc_column_text]<\/p>\n<p style=\"text-align: center;\"><strong>Philippe Lacroix<\/strong><br \/>\n<a href=\"mailto:p.lacroix@meylanfreres.ch\">p.lacroix@meylanfreres.ch<\/a><br \/>\n<a href=\"tel:0041218452508\">+41 (0)21 845.25.08<\/a><\/p>\n<p>[\/vc_column_text][\/vc_column_inner][vc_column_inner width=&#8221;1\/2&#8243; offset=&#8221;vc_col-md-3&#8243;]<div id=\"ultimate-heading-850069f4b2ffc07db\" class=\"uvc-heading ult-adjust-bottom-margin ultimate-heading-850069f4b2ffc07db uvc-1553 \" data-hspacer=\"no_spacer\"  data-halign=\"center\" style=\"text-align:center\"><div class=\"uvc-heading-spacer no_spacer\" style=\"top\"><\/div><div class=\"uvc-main-heading ult-responsive\"  data-ultimate-target='.uvc-heading.ultimate-heading-850069f4b2ffc07db h3'  data-responsive-json-new='{\"font-size\":\"\",\"line-height\":\"\"}' ><h3 style=\"font-weight:normal;\">Responsable de production<\/h3><\/div><\/div>[vc_column_text]<\/p>\n<p style=\"text-align: center;\"><strong>Rapha\u00ebl M\u00fcller<\/strong><br \/>\n<a href=\"mailto:r.muller@meylanfreres.ch\">r.muller@meylanfreres.ch<\/a><br \/>\n<a href=\"tel:0041218452509\">+41 (0)21 845.25.09<\/a><\/p>\n<p>[\/vc_column_text][\/vc_column_inner][vc_column_inner width=&#8221;1\/2&#8243; offset=&#8221;vc_col-md-3&#8243;]<div id=\"ultimate-heading-668869f4b2ffc07f0\" class=\"uvc-heading ult-adjust-bottom-margin ultimate-heading-668869f4b2ffc07f0 uvc-2553 \" data-hspacer=\"no_spacer\"  data-halign=\"center\" style=\"text-align:center\"><div class=\"uvc-heading-spacer no_spacer\" style=\"top\"><\/div><div class=\"uvc-main-heading ult-responsive\"  data-ultimate-target='.uvc-heading.ultimate-heading-668869f4b2ffc07f0 h3'  data-responsive-json-new='{\"font-size\":\"\",\"line-height\":\"\"}' ><h3 style=\"font-weight:normal;\">Qualit\u00e9 &amp; contr\u00f4le<\/h3><\/div><\/div>[vc_column_text]<\/p>\n<p style=\"text-align: center;\"><strong>Aur\u00e9lien Costa<\/strong><br \/>\n<a href=\"mailto:a.costa@meylanfreres.ch\">a.costa@meylanfreres.ch<\/a><br \/>\n<a href=\"tel:0041218452517\">+41 (0)21 845.25.17<\/a><\/p>\n<p>[\/vc_column_text][\/vc_column_inner][vc_column_inner width=&#8221;1\/2&#8243; offset=&#8221;vc_col-md-3&#8243;]<div id=\"ultimate-heading-563369f4b2ffc0805\" class=\"uvc-heading ult-adjust-bottom-margin ultimate-heading-563369f4b2ffc0805 uvc-4573 \" data-hspacer=\"no_spacer\"  data-halign=\"center\" style=\"text-align:center\"><div class=\"uvc-heading-spacer no_spacer\" style=\"top\"><\/div><div class=\"uvc-main-heading ult-responsive\"  data-ultimate-target='.uvc-heading.ultimate-heading-563369f4b2ffc0805 h3'  data-responsive-json-new='{\"font-size\":\"\",\"line-height\":\"\"}' ><h3 style=\"font-weight:normal;\">Exp\u00e9dition &amp; logistique<\/h3><\/div><\/div>[vc_column_text]<\/p>\n<p style=\"text-align: center;\"><strong>Cassandra Veloso<\/strong><br \/>\n<a href=\"mailto:c.veloso@meylanfreres.ch\">c.veloso@meylanfreres.ch<\/a><br \/>\n<a href=\"tel:0041218452500\">+41 (0)21 845.25.00<\/a><\/p>\n<p>[\/vc_column_text][\/vc_column_inner][\/vc_row_inner][vc_empty_space height=&#8221;50px&#8221;][\/vc_column][\/vc_row]<\/p>\n<\/div>","protected":false},"excerpt":{"rendered":"<p>[vc_row][vc_column width=&#8221;2\/3&#8243;][vc_empty_space height=&#8221;20px&#8221;][\/vc_column][vc_column width=&#8221;1\/3&#8243; el_id=&#8221;details-de-contact&#8221;][vc_empty_space height=&#8221;20px&#8221;][\/vc_column][\/vc_row][vc_row][vc_column][vc_empty_space height=&#8221;50px&#8221;][\/vc_column][\/vc_row][vc_row full_width=&#8221;stretch_row&#8221; disable_element=&#8221;yes&#8221; css=&#8221;.vc_custom_1588752257595{background-color: #f9f9f9 !important;}&#8221; el_id=&#8221;personnes-de-contact&#8221;][vc_column][vc_empty_space height=&#8221;20px&#8221;][vc_row_inner el_class=&#8221;contact-columns-row&#8221;][vc_column_inner width=&#8221;1\/2&#8243; offset=&#8221;vc_col-md-3&#8243;][vc_column_text] Christian Meylan c.meylan@meylanfreres.ch +41 (0)21 845.25.00 [\/vc_column_text][\/vc_column_inner][vc_column_inner width=&#8221;1\/2&#8243; offset=&#8221;vc_col-md-3&#8243;][vc_column_text] Jean-Fran\u00e7ois Mottaz jf.mottaz@meylanfreres.ch +41 (0)79 845.25.33 [\/vc_column_text][\/vc_column_inner][vc_column_inner width=&#8221;1\/2&#8243; offset=&#8221;vc_col-md-3&#8243;][vc_column_text] David Brocard d.brocard@meylanfreres.ch +41 (0)21 845.25.15 [\/vc_column_text][\/vc_column_inner][vc_column_inner width=&#8221;1\/2&#8243; offset=&#8221;vc_col-md-3&#8243;][vc_column_text] Fabrice Guex f.guex@meylanfreres.ch +41 (0)21 845.25.05 [\/vc_column_text][\/vc_column_inner][\/vc_row_inner][vc_empty_space height=&#8221;20px&#8221;][vc_row_inner el_class=&#8221;contact-columns-row&#8221;][vc_column_inner width=&#8221;1\/2&#8243; offset=&#8221;vc_col-md-3&#8243;][vc_column_text] [&hellip;]<\/p>\n","protected":false},"author":3,"featured_media":2417,"parent":0,"menu_order":0,"comment_status":"closed","ping_status":"closed","template":"","meta":{"_acf_changed":false,"inline_featured_image":false,"footnotes":""},"class_list":["post-3110","page","type-page","status-publish","has-post-thumbnail","hentry"],"acf":[],"_links":{"self":[{"href":"https:\/\/meylanfreres.ch\/de\/wp-json\/wp\/v2\/pages\/3110","targetHints":{"allow":["GET"]}}],"collection":[{"href":"https:\/\/meylanfreres.ch\/de\/wp-json\/wp\/v2\/pages"}],"about":[{"href":"https:\/\/meylanfreres.ch\/de\/wp-json\/wp\/v2\/types\/page"}],"author":[{"embeddable":true,"href":"https:\/\/meylanfreres.ch\/de\/wp-json\/wp\/v2\/users\/3"}],"replies":[{"embeddable":true,"href":"https:\/\/meylanfreres.ch\/de\/wp-json\/wp\/v2\/comments?post=3110"}],"version-history":[{"count":0,"href":"https:\/\/meylanfreres.ch\/de\/wp-json\/wp\/v2\/pages\/3110\/revisions"}],"wp:featuredmedia":[{"embeddable":true,"href":"https:\/\/meylanfreres.ch\/de\/wp-json\/wp\/v2\/media\/2417"}],"wp:attachment":[{"href":"https:\/\/meylanfreres.ch\/de\/wp-json\/wp\/v2\/media?parent=3110"}],"curies":[{"name":"wp","href":"https:\/\/api.w.org\/{rel}","templated":true}]}}